{"version":"1.0","provider_name":"","provider_url":"https:\/\/sani-world.com","author_name":"c14saniworld","author_url":"https:\/\/sani-world.com\/index.php\/author\/c14saniworld\/","title":"Equilibrio fali l\u00e1mpa -","type":"rich","width":600,"height":338,"html":"<blockquote class=\"wp-embedded-content\" data-secret=\"LaHZXUO460\"><a href=\"https:\/\/sani-world.com\/index.php\/termek\/equilibrio-fali-lampa\/\">Equilibrio fali l\u00e1mpa<\/a><\/blockquote><iframe sandbox=\"allow-scripts\" security=\"restricted\" src=\"https:\/\/sani-world.com\/index.php\/termek\/equilibrio-fali-lampa\/embed\/#?secret=LaHZXUO460\" width=\"600\" height=\"338\" title=\"&#8220;Equilibrio fali l\u00e1mpa&#8221; &#8212; \" data-secret=\"LaHZXUO460\" frameborder=\"0\" marginwidth=\"0\" marginheight=\"0\" scrolling=\"no\" class=\"wp-embedded-content\"><\/iframe><script>\n\/*! This file is auto-generated *\/\n!function(d,l){\"use strict\";l.querySelector&&d.addEventListener&&\"undefined\"!=typeof URL&&(d.wp=d.wp||{},d.wp.receiveEmbedMessage||(d.wp.receiveEmbedMessage=function(e){var t=e.data;if((t||t.secret||t.message||t.value)&&!\/[^a-zA-Z0-9]\/.test(t.secret)){for(var s,r,n,a=l.querySelectorAll('iframe[data-secret=\"'+t.secret+'\"]'),o=l.querySelectorAll('blockquote[data-secret=\"'+t.secret+'\"]'),c=new RegExp(\"^https?:$\",\"i\"),i=0;i<o.length;i++)o[i].style.display=\"none\";for(i=0;i<a.length;i++)s=a[i],e.source===s.contentWindow&&(s.removeAttribute(\"style\"),\"height\"===t.message?(1e3<(r=parseInt(t.value,10))?r=1e3:~~r<200&&(r=200),s.height=r):\"link\"===t.message&&(r=new URL(s.getAttribute(\"src\")),n=new URL(t.value),c.test(n.protocol))&&n.host===r.host&&l.activeElement===s&&(d.top.location.href=t.value))}},d.addEventListener(\"message\",d.wp.receiveEmbedMessage,!1),l.addEventListener(\"DOMContentLoaded\",function(){for(var e,t,s=l.querySelectorAll(\"iframe.wp-embedded-content\"),r=0;r<s.length;r++)(t=(e=s[r]).getAttribute(\"data-secret\"))||(t=Math.random().toString(36).substring(2,12),e.src+=\"#?secret=\"+t,e.setAttribute(\"data-secret\",t)),e.contentWindow.postMessage({message:\"ready\",secret:t},\"*\")},!1)))}(window,document);\n\/\/# sourceURL=https:\/\/sani-world.com\/wp-includes\/js\/wp-embed.min.js\n<\/script>\n","thumbnail_url":"https:\/\/sani-world.com\/wp-content\/uploads\/2021\/09\/EQW-1-scaled-omqss6co7j1mqrck968l51b1ky1lawwiqe2rmlvx6o.jpg","thumbnail_width":750,"thumbnail_height":800,"description":"Az Equilibrio fali v\u00e1ltozata azzal a c\u00e9llal sz\u00fcletett meg, hogy egy kisebb \u00e9s praktikusabb t\u00e1rgyban reproduk\u00e1lj\u00e1k azt a koncepci\u00f3t, amelyen a teljes kollekci\u00f3 alapul, vagyis a gravit\u00e1ci\u00f3s \u00e9s a m\u00e1gneses er\u0151 k\u00f6z\u00f6tti egyens\u00falyt.  A kih\u00edv\u00e1st az jelentette, hogy olyan fali l\u00e1mp\u00e1t tervezzenek, amely \u00f6tv\u00f6zi az Equilibrio var\u00e1zslat\u00e1t \u00e9s a hangulatvil\u00e1g\u00edt\u00e1st egy funkcion\u00e1lis l\u00e1mp\u00e1val, amely k\u00e9pes a terek \u00e9rz\u00e9keltet\u00e9s\u00e9re \u00e9s karakteress\u00e9 t\u00e9tel\u00e9re.  A design kiemeli a sorozat k\u00e9t jellegzetes henger form\u00e1j\u00e1t, amelyek k\u00f6t\u00e9s\u00fcknek \u00e9s m\u00e1gneses erej\u00fcknek k\u00f6sz\u00f6nhet\u0151en vonzz\u00e1k egym\u00e1st, de soha nem \u00e9rintkeznek. Ezeket egy keret emeli ki, ami m\u00f6g\u00f6tt k\u00e9t m\u00e1sik izz\u00f3 foglal helyet, melyek f\u00e9nysugara feler\u0151s\u00edti az eg\u00e9sz kollekci\u00f3 vonalainak f\u00fcgg\u0151legess\u00e9g\u00e9t \u00e9s letisztults\u00e1g\u00e1t."}